{"id":724,"date":"2019-06-15T14:30:25","date_gmt":"2019-06-15T14:30:25","guid":{"rendered":"https:\/\/www.pourtantlavie.org\/?post_type=tribe_events&#038;p=724"},"modified":"2019-09-26T12:35:57","modified_gmt":"2019-09-26T12:35:57","slug":"7e-journee-interprofessionnelle-accompagnement-et-soins-palliatifs","status":"publish","type":"tribe_events","link":"https:\/\/www.pourtantlavie.org\/index.php\/evenement\/7e-journee-interprofessionnelle-accompagnement-et-soins-palliatifs\/","title":{"rendered":"7e journ\u00e9e interprofessionnelle Accompagnement et soins palliatifs"},"content":{"rendered":"<p>ROANNE<strong>7e journ\u00e9e interprofessionnelle Accompagnement et soins palliatifs.<\/strong><\/p>\n<p>Elle aura lieu cette ann\u00e9e le <strong>jeudi 3 octobre, \u00e0 l\u2019Espace congr\u00e8s de Roanne<\/strong> \u2013 Forum S\u00e9bastien Nicolas \u2013 derri\u00e8re l\u2019h\u00f4tel de ville.<\/p>\n<p>Cette journ\u00e9e est ouverte aux professionnels, aux b\u00e9n\u00e9voles, aux \u00e9tudiants, et \u00e0 toutes les personnes concern\u00e9es par les questions d\u2019accompagnement. La journ\u00e9e comprendra ateliers et interventions formelles pour une plus grande richesse.<\/p>\n<p>Nous pensons que le th\u00e8me abord\u00e9 cette ann\u00e9e : <strong>la vie en fin de vie<\/strong>\u00a0 permettra \u00e0 chaque participant de s\u2019exprimer sur ce sujet particulier et de se former, en m\u00eame temps que cette journ\u00e9e apportera partages et ressourcement. Nous serons tr\u00e8s heureux de vous accueillir<\/p>\n<p>Nous souhaitons que vous acceptiez de diffuser ce flyer aupr\u00e8s de vos contacts professionnels et b\u00e9n\u00e9voles.<\/p>\n<p><strong>Attention, inscription obligatoire avant le 10 septembre<\/strong><\/p>\n","protected":false},"excerpt":{"rendered":"<p>ROANNE7e journ\u00e9e interprofessionnelle Accompagnement et soins palliatifs. Elle aura lieu cette ann\u00e9e le jeudi 3 octobre, \u00e0 l\u2019Espace congr\u00e8s de Roanne \u2013 Forum S\u00e9bastien Nicolas \u2013 derri\u00e8re l\u2019h\u00f4tel de ville. [&hellip;]<\/p>\n","protected":false},"author":1,"featured_media":0,"template":"","meta":{"_tribe_events_status":"","_tribe_events_status_reason":"","footnotes":""},"tags":[22,34,33,35,30,29,32,27,31],"tribe_events_cat":[28],"class_list":["post-724","tribe_events","type-tribe_events","status-publish","hentry","tag-accompagnement","tag-congres","tag-espace","tag-fin-de-vie","tag-interprofessionnelle","tag-journee","tag-palliatifs","tag-roanne","tag-soins","tribe_events_cat-journee-interprofessionnelle","cat_journee-interprofessionnelle"],"_links":{"self":[{"href":"https:\/\/www.pourtantlavie.org\/index.php\/wp-json\/wp\/v2\/tribe_events\/724","targetHints":{"allow":["GET"]}}],"collection":[{"href":"https:\/\/www.pourtantlavie.org\/index.php\/wp-json\/wp\/v2\/tribe_events"}],"about":[{"href":"https:\/\/www.pourtantlavie.org\/index.php\/wp-json\/wp\/v2\/types\/tribe_events"}],"author":[{"embeddable":true,"href":"https:\/\/www.pourtantlavie.org\/index.php\/wp-json\/wp\/v2\/users\/1"}],"version-history":[{"count":1,"href":"https:\/\/www.pourtantlavie.org\/index.php\/wp-json\/wp\/v2\/tribe_events\/724\/revisions"}],"predecessor-version":[{"id":725,"href":"https:\/\/www.pourtantlavie.org\/index.php\/wp-json\/wp\/v2\/tribe_events\/724\/revisions\/725"}],"wp:attachment":[{"href":"https:\/\/www.pourtantlavie.org\/index.php\/wp-json\/wp\/v2\/media?parent=724"}],"wp:term":[{"taxonomy":"post_tag","embeddable":true,"href":"https:\/\/www.pourtantlavie.org\/index.php\/wp-json\/wp\/v2\/tags?post=724"},{"taxonomy":"tribe_events_cat","embeddable":true,"href":"https:\/\/www.pourtantlavie.org\/index.php\/wp-json\/wp\/v2\/tribe_events_cat?post=724"}],"curies":[{"name":"wp","href":"https:\/\/api.w.org\/{rel}","templated":true}]}}